{"id":2138,"date":"2016-08-19T23:37:50","date_gmt":"2016-08-19T23:37:50","guid":{"rendered":"http:\/\/www.lindezaspa.com\/de\/?page_id=2138"},"modified":"2025-07-10T18:58:20","modified_gmt":"2025-07-10T23:58:20","slug":"estetica-facial-y-rejuvenecimiento","status":"publish","type":"page","link":"https:\/\/www.lindezaspa.com\/de\/estetica-facial-y-rejuvenecimiento\/","title":{"rendered":"Est\u00e9tica facial y rejuvenecimiento"},"content":{"rendered":"<div class=\"wpb-content-wrapper\"><p>[vc_row full_width=\u00bbstretch_row_content\u00bb content_placement=\u00bbmiddle\u00bb bg_type=\u00bbimage\u00bb parallax_style=\u00bbvcpb-default\u00bb bg_image_new=\u00bbid^2374|url^http:\/\/www.lindezaspa.com\/de\/wp-content\/uploads\/2016\/08\/facial2-1.jpg|caption^null|alt^null|title^facial2|description^null\u00bb bg_image_repeat=\u00bbno-repeat\u00bb css=\u00bb.vc_custom_1712679107672{background-color: #eaeaea !important;}\u00bb][vc_column width=\u00bb5\/6&#8243;][vc_row_inner css=\u00bb.vc_custom_1470594511104{margin-right: 10px !important;margin-left: 20px !important;}\u00bb][vc_column_inner width=\u00bb2\/3&#8243;][vc_empty_space height=\u00bb80px\u00bb][vc_custom_heading text=\u00bbEst\u00e9tica Facial y Rejuvenecimiento\u00bb font_container=\u00bbtag:h1|font_size:50px%20|text_align:center|color:%230a0a0a|line_height:50px\u00bb google_fonts=\u00bbfont_family:Raleway%3A100%2C200%2C300%2Cregular%2C500%2C600%2C700%2C800%2C900|font_style:500%20bold%20regular%3A500%3Anormal\u00bb el_class=\u00bbtitular-servicios\u00bb][vc_empty_space height=\u00bb90px\u00bb][\/vc_column_inner][vc_column_inner width=\u00bb1\/3&#8243;][\/vc_column_inner][\/vc_row_inner][\/vc_column][vc_column width=\u00bb1\/6&#8243;][\/vc_column][\/vc_row][vc_row css=\u00bb.vc_custom_1471563553936{margin-right: 40px !important;margin-left: 40px !important;}\u00bb][vc_column width=\u00bb5\/6&#8243;][vc_column_text]<\/p>\n<h3 style=\"text-align: left;\"><span style=\"color: #542c73;\">Aqu\u00ed empieza el cuidado de tu piel.<\/span><\/h3>\n<h3 style=\"text-align: left;\"><span style=\"color: #542c73;\">Con nuestros faciales embellecemos tu rostro y combatimos los signos de envejecimiento,<strong> sin inyecciones ni dolor.<\/strong><\/span><\/h3>\n<h3 style=\"text-align: left;\"><span style=\"color: #542c73;\">Estimulamos el<strong> col\u00e1geno<\/strong>, <strong>recolocamos los m\u00fasculos faciales<\/strong>, <strong>iluminamos<\/strong> y devolvemos la <strong>vitalidad a tu piel<\/strong> desde la primera sesi\u00f3n.<\/span><\/h3>\n<p>[\/vc_column_text][vc_separator color=\u00bbviolet\u00bb align=\u00bbalign_left\u00bb border_width=\u00bb3&#8243; el_width=\u00bb30&#8243;][\/vc_column][vc_column width=\u00bb1\/6&#8243;][\/vc_column][\/vc_row][vc_row css=\u00bb.vc_custom_1471563553936{margin-right: 40px !important;margin-left: 40px !important;}\u00bb][vc_column width=\u00bb1\/4&#8243;][vc_single_image image=\u00bb11936&#8243; img_size=\u00bbmedium\u00bb][\/vc_column][vc_column width=\u00bb2\/4&#8243;][vc_custom_heading text=\u00bbFaciales Esenciales\u00bb font_container=\u00bbtag:h1|text_align:left|color:%23542c73&#8243; google_fonts=\u00bbfont_family:Raleway%3A100%2C200%2C300%2Cregular%2C500%2C600%2C700%2C800%2C900|font_style:500%20bold%20regular%3A500%3Anormal\u00bb][vc_separator color=\u00bbviolet\u00bb align=\u00bbalign_left\u00bb border_width=\u00bb3&#8243; el_width=\u00bb30&#8243;][vc_column_text]Faciales para iniciarte en el cuidado de tu piel[\/vc_column_text]<div class=\"smile_icon_list_wrap ult_info_list_container ult-adjust-bottom-margin  \"><ul class=\"smile_icon_list left square with_bg\"><li class=\"icon_list_item\" style=\" font-size:72px;\"><div class=\"icon_list_icon\" data-animation=\"fadeInLeft\" data-animation-delay=\"03\" style=\"font-size:24px;border-width:1px;border-style:none;background:#ffffff;color:#541aad;border-color:#333333;\"><i class=\"Defaults-angle-double-right\" ><\/i><\/div><div class=\"icon_description\" id=\"Info-list-wrap-7449\" style=\"font-size:24px;\"><h3 class=\"ult-responsive info-list-heading\"  data-ultimate-target='#Info-list-wrap-7449 h3'  data-responsive-json-new='{\"font-size\":\"desktop:16px;\",\"line-height\":\"desktop:24px;\"}'  style=\"\">Limpieza Facial: <\/h3><div class=\"icon_description_text ult-responsive\"  data-ultimate-target='#Info-list-wrap-7449 .icon_description_text'  data-responsive-json-new='{\"font-size\":\"desktop:13px;\",\"line-height\":\"desktop:18px;\"}'  style=\"\"><p>Higiene profesional con microdermoabrasi\u00f3n que retira impurezas y c\u00e9lulas muertas de la piel.<\/p>\n<\/div><\/div><div class=\"icon_list_connector\"  style=\"border-right-width: 1px;border-right-style: dashed;border-color: #333333;\"><\/div><\/li><li class=\"icon_list_item\" style=\" font-size:72px;\"><div class=\"icon_list_icon\" data-animation=\"fadeInLeft\" data-animation-delay=\"03\" style=\"font-size:24px;border-width:1px;border-style:none;background:#ffffff;color:#541aad;border-color:#333333;\"><i class=\"Defaults-angle-double-right\" ><\/i><\/div><div class=\"icon_description\" id=\"Info-list-wrap-8537\" style=\"font-size:24px;\"><h3 class=\"ult-responsive info-list-heading\"  data-ultimate-target='#Info-list-wrap-8537 h3'  data-responsive-json-new='{\"font-size\":\"desktop:16px;\",\"line-height\":\"desktop:24px;\"}'  style=\"\">Facial Hydra Hyaluronic:<\/h3><div class=\"icon_description_text ult-responsive\"  data-ultimate-target='#Info-list-wrap-8537 .icon_description_text'  data-responsive-json-new='{\"font-size\":\"desktop:13px;\",\"line-height\":\"desktop:18px;\"}'  style=\"\"><p>Facial con \u00e1cido hialur\u00f3nico no inyectable que refuerza la epidermis, aporta volumen, disminuye la apariencia de arrugas y mejora la elasticidad de la piel.<\/p>\n<p><strong><a href=\"https:\/\/www.instagram.com\/reel\/C1a1I2gs9DD\/\" target=\"_blank\" rel=\"noopener\"><em>\u2728Ver video\u2728<\/em><\/a><\/strong><\/p>\n<\/div><\/div><div class=\"icon_list_connector\"  style=\"border-right-width: 1px;border-right-style: dashed;border-color: #333333;\"><\/div><\/li><li class=\"icon_list_item\" style=\" font-size:72px;\"><div class=\"icon_list_icon\" data-animation=\"\" data-animation-delay=\"03\" style=\"font-size:24px;border-width:1px;border-style:none;background:#ffffff;color:#541aad;border-color:#333333;\"><i class=\"Defaults-angle-double-right\" ><\/i><\/div><div class=\"icon_description\" id=\"Info-list-wrap-1752\" style=\"font-size:24px;\"><h3 class=\"ult-responsive info-list-heading\"  data-ultimate-target='#Info-list-wrap-1752 h3'  data-responsive-json-new='{\"font-size\":\"desktop:16px;\",\"line-height\":\"desktop:24px;\"}'  style=\"\">Spa Facial Oxigenante: <\/h3><div class=\"icon_description_text ult-responsive\"  data-ultimate-target='#Info-list-wrap-1752 .icon_description_text'  data-responsive-json-new='{\"font-size\":\"desktop:13px;\",\"line-height\":\"desktop:18px;\"}'  style=\"\"><p>Facial que refresca, calma y oxigena. Hidrata profundamente y disminuye las l\u00edneas de expresi\u00f3n. Para todos los tipos de piel.<\/p>\n<p><strong><em><a href=\"https:\/\/www.instagram.com\/reel\/CqrVZH5MxC6\/\" target=\"_blank\" rel=\"noopener\">\ud83d\udca7 Ver video \ud83d\udca7<\/a><\/em><\/strong><\/p>\n<\/div><\/div><div class=\"icon_list_connector\"  style=\"border-right-width: 1px;border-right-style: dashed;border-color: #333333;\"><\/div><\/li><li class=\"icon_list_item\" style=\" font-size:72px;\"><div class=\"icon_list_icon\" data-animation=\"\" data-animation-delay=\"03\" style=\"font-size:24px;border-width:1px;border-style:none;background:#ffffff;color:#541aad;border-color:#333333;\"><i class=\"Defaults-angle-double-right\" ><\/i><\/div><div class=\"icon_description\" id=\"Info-list-wrap-2710\" style=\"font-size:24px;\"><h3 class=\"ult-responsive info-list-heading\"  data-ultimate-target='#Info-list-wrap-2710 h3'  data-responsive-json-new='{\"font-size\":\"desktop:16px;\",\"line-height\":\"desktop:24px;\"}'  style=\"\">Renovaci\u00f3n Esencial: <\/h3><div class=\"icon_description_text ult-responsive\"  data-ultimate-target='#Info-list-wrap-2710 .icon_description_text'  data-responsive-json-new='{\"font-size\":\"desktop:13px;\",\"line-height\":\"desktop:18px;\"}'  style=\"\"><p>Facial que promueve la renovaci\u00f3n celular y remueve todas las impurezas incluyendo las m\u00e1s profundas. Recomendado para pieles mixtas, grasas y seborreicas.<\/p>\n<p><em><strong><a href=\"https:\/\/www.instagram.com\/reel\/CzmjOchxFZG\/\" target=\"_blank\" rel=\"noopener\">\ud83c\udf4d Ver video \ud83c\udf4d<\/a><\/strong><\/em><\/p>\n<\/div><\/div><div class=\"icon_list_connector\"  style=\"border-right-width: 1px;border-right-style: dashed;border-color: #333333;\"><\/div><\/li><\/ul><\/div>[\/vc_column][vc_column width=\u00bb1\/4&#8243;]<div class=\"pricing-box  pricing-box-table\"><div class=\"plan-header\"><\/div><div class=\"plan-footer\"><a href=\"https:\/\/api.whatsapp.com\/send?phone=593987153753&#038;text=Hola%20Lindeza%20Spa%2C%20deseo%20reservar%20una%20cita\" class=\"button button_theme \"  title=\"Reserva tu cita\"><span class=\"button_label\">Reserva tu cita<\/span><\/a><\/div><\/div>\n[\/vc_column][\/vc_row][vc_row][vc_column][vc_separator][\/vc_column][\/vc_row][vc_row css=\u00bb.vc_custom_1471563553936{margin-right: 40px !important;margin-left: 40px !important;}\u00bb][vc_column width=\u00bb1\/4&#8243;][vc_single_image image=\u00bb11940&#8243; img_size=\u00bbmedium\u00bb][\/vc_column][vc_column width=\u00bb2\/4&#8243;][vc_custom_heading text=\u00bbReactivadores epid\u00e9rmicos\u00bb font_container=\u00bbtag:h1|text_align:left|color:%23542c73&#8243; google_fonts=\u00bbfont_family:Raleway%3A100%2C200%2C300%2Cregular%2C500%2C600%2C700%2C800%2C900|font_style:500%20bold%20regular%3A500%3Anormal\u00bb][vc_separator color=\u00bbviolet\u00bb align=\u00bbalign_left\u00bb border_width=\u00bb3&#8243; el_width=\u00bb30&#8243;][vc_column_text]Faciales dise\u00f1ados para mejorar las texturas: piel gruesa, poros abiertos, irregularidades y finas l\u00edneas de expresi\u00f3n.[\/vc_column_text]<div class=\"smile_icon_list_wrap ult_info_list_container ult-adjust-bottom-margin  \"><ul class=\"smile_icon_list left square with_bg\"><li class=\"icon_list_item\" style=\" font-size:72px;\"><div class=\"icon_list_icon\" data-animation=\"fadeInLeft\" data-animation-delay=\"03\" style=\"font-size:24px;border-width:1px;border-style:none;background:#ffffff;color:#541aad;border-color:#333333;\"><i class=\"Defaults-angle-double-right\" ><\/i><\/div><div class=\"icon_description\" id=\"Info-list-wrap-8703\" style=\"font-size:24px;\"><h3 class=\"ult-responsive info-list-heading\"  data-ultimate-target='#Info-list-wrap-8703 h3'  data-responsive-json-new='{\"font-size\":\"desktop:16px;\",\"line-height\":\"desktop:24px;\"}'  style=\"\">Detox Peel Renovado: <\/h3><div class=\"icon_description_text ult-responsive\"  data-ultimate-target='#Info-list-wrap-8703 .icon_description_text'  data-responsive-json-new='{\"font-size\":\"desktop:13px;\",\"line-height\":\"desktop:18px;\"}'  style=\"\"><p>Tratamiento especializado con alfa y betahidroxi\u00e1cidos m\u00e1s vitamina C, luz pulsada intensa, hidrataciones con concentrados purificantes y mascarillas nutritivas. Renueva las capas epid\u00e9rmicas para conseguir una piel libre de impurezas, m\u00e1s lisa, con menos oleosidad e irregularidades.\u00a0 Ideal para pieles normales, mixtas y secas.<\/p>\n<p><em><strong><a href=\"https:\/\/www.instagram.com\/reel\/CsU8LyELjMd\/\" target=\"_blank\" rel=\"noopener\">\ud83d\udc9c Ver video \ud83d\udc9c<\/a><\/strong><\/em><\/p>\n<\/div><\/div><div class=\"icon_list_connector\"  style=\"border-right-width: 1px;border-right-style: dashed;border-color: #333333;\"><\/div><\/li><li class=\"icon_list_item\" style=\" font-size:72px;\"><div class=\"icon_list_icon\" data-animation=\"fadeInLeft\" data-animation-delay=\"03\" style=\"font-size:24px;border-width:1px;border-style:none;background:#ffffff;color:#541aad;border-color:#333333;\"><i class=\"Defaults-angle-double-right\" ><\/i><\/div><div class=\"icon_description\" id=\"Info-list-wrap-4703\" style=\"font-size:24px;\"><h3 class=\"ult-responsive info-list-heading\"  data-ultimate-target='#Info-list-wrap-4703 h3'  data-responsive-json-new='{\"font-size\":\"desktop:16px;\",\"line-height\":\"desktop:24px;\"}'  style=\"\">Perfection Peel:<\/h3><div class=\"icon_description_text ult-responsive\"  data-ultimate-target='#Info-list-wrap-4703 .icon_description_text'  data-responsive-json-new='{\"font-size\":\"desktop:13px;\",\"line-height\":\"desktop:18px;\"}'  style=\"\"><p>Tratamiento con \u00e1cido azelaico que limpia, controla el exceso de brillo, aten\u00faa manchas de sol y post parto, reduce sensibilidad e inflamaci\u00f3n, mejora cicatrices de acn\u00e9 y texturas rugosas, minimiza el aspecto de poros dilatados. Ideal para pieles grasas, con ros\u00e1cea, sensibles, mixtas y normales.<\/p>\n<p><em><strong><a href=\"https:\/\/www.instagram.com\/reel\/C4jaaa8r6SA\/\" target=\"_blank\" rel=\"noopener\">\ud83c\udf3f Ver video \ud83c\udf3f<\/a><\/strong><\/em><\/p>\n<\/div><\/div><div class=\"icon_list_connector\"  style=\"border-right-width: 1px;border-right-style: dashed;border-color: #333333;\"><\/div><\/li><li class=\"icon_list_item\" style=\" font-size:72px;\"><div class=\"icon_list_icon\" data-animation=\"\" data-animation-delay=\"03\" style=\"font-size:24px;border-width:1px;border-style:none;background:#ffffff;color:#541aad;border-color:#333333;\"><i class=\"Defaults-angle-double-right\" ><\/i><\/div><div class=\"icon_description\" id=\"Info-list-wrap-8201\" style=\"font-size:24px;\"><h3 class=\"ult-responsive info-list-heading\"  data-ultimate-target='#Info-list-wrap-8201 h3'  data-responsive-json-new='{\"font-size\":\"desktop:16px;\",\"line-height\":\"desktop:24px;\"}'  style=\"\">Facial Efecto Glow: <\/h3><div class=\"icon_description_text ult-responsive\"  data-ultimate-target='#Info-list-wrap-8201 .icon_description_text'  data-responsive-json-new='{\"font-size\":\"desktop:13px;\",\"line-height\":\"desktop:18px;\"}'  style=\"\"><p>Terapia con luz pulsada intensa para minimizar poros dilatados y combatir las rojeces, fotoenvejecimiento y manchas oscuras. Al mismo tiempo reafirma la piel con la generaci\u00f3n de col\u00e1geno y elastina. Ideal para todo tipo de piel<\/p>\n<p>*Plus: Por un valor adicional puedes incluir el tratamiento en cuello y escote.<\/p>\n<p><strong><em><a href=\"https:\/\/www.instagram.com\/reel\/CxMLQq6MBs4\/\" target=\"_blank\" rel=\"noopener\">\ud83c\udf53 Ver video \ud83c\udf53<\/a>\u00a0<\/em><\/strong><\/p>\n<\/div><\/div><div class=\"icon_list_connector\"  style=\"border-right-width: 1px;border-right-style: dashed;border-color: #333333;\"><\/div><\/li><\/ul><\/div>[\/vc_column][vc_column width=\u00bb1\/4&#8243;]<div class=\"pricing-box  pricing-box-table\"><div class=\"plan-header\"><\/div><div class=\"plan-footer\"><a href=\"https:\/\/api.whatsapp.com\/send?phone=593987153753&#038;text=Hola%20Lindeza%20Spa%2C%20deseo%20reservar%20una%20cita\" class=\"button button_theme \"  title=\"Reserva tu cita\"><span class=\"button_label\">Reserva tu cita<\/span><\/a><\/div><\/div>\n[\/vc_column][\/vc_row][vc_row][vc_column][vc_separator][\/vc_column][\/vc_row][vc_row css=\u00bb.vc_custom_1471563553936{margin-right: 40px !important;margin-left: 40px !important;}\u00bb][vc_column width=\u00bb1\/4&#8243;][vc_single_image image=\u00bb11944&#8243; img_size=\u00bbmedium\u00bb][\/vc_column][vc_column width=\u00bb2\/4&#8243;][vc_custom_heading text=\u00bbRegeneradores de col\u00e1geno\u00bb font_container=\u00bbtag:h1|text_align:left|color:%23542c73&#8243; google_fonts=\u00bbfont_family:Raleway%3A100%2C200%2C300%2Cregular%2C500%2C600%2C700%2C800%2C900|font_style:500%20bold%20regular%3A500%3Anormal\u00bb][vc_separator color=\u00bbviolet\u00bb align=\u00bbalign_left\u00bb border_width=\u00bb3&#8243; el_width=\u00bb30&#8243;][vc_column_text]Faciales que activan y estimulan la s\u00edntesis de esta prote\u00edna, a la vez que reafirman y rejuvenecen sin inyecciones.[\/vc_column_text]<div class=\"smile_icon_list_wrap ult_info_list_container ult-adjust-bottom-margin  \"><ul class=\"smile_icon_list left square with_bg\"><li class=\"icon_list_item\" style=\" font-size:72px;\"><div class=\"icon_list_icon\" data-animation=\"fadeInLeft\" data-animation-delay=\"03\" style=\"font-size:24px;border-width:1px;border-style:none;background:#ffffff;color:#541aad;border-color:#333333;\"><i class=\"Defaults-angle-double-right\" ><\/i><\/div><div class=\"icon_description\" id=\"Info-list-wrap-3976\" style=\"font-size:24px;\"><h3 class=\"ult-responsive info-list-heading\"  data-ultimate-target='#Info-list-wrap-3976 h3'  data-responsive-json-new='{\"font-size\":\"desktop:16px;\",\"line-height\":\"desktop:24px;\"}'  style=\"\">Bioestimulaci\u00f3n Dermo-Muscular: <\/h3><div class=\"icon_description_text ult-responsive\"  data-ultimate-target='#Info-list-wrap-3976 .icon_description_text'  data-responsive-json-new='{\"font-size\":\"desktop:13px;\",\"line-height\":\"desktop:18px;\"}'  style=\"\"><p>Es como un pilates facial que recoloca los m\u00fasculos con microcorrientes y la piel con radiofrecuencia. Tonifica, realza y rejuvenece naturalmente.<\/p>\n<p>Abarca rostro, papada y cuello.<\/p>\n<p><strong><em><a href=\"https:\/\/www.instagram.com\/reel\/CyUjVATs2F9\/\" target=\"_blank\" rel=\"noopener\">\ud83c\udf3c Ver video \ud83c\udf3c<\/a><\/em><\/strong><\/p>\n<\/div><\/div><div class=\"icon_list_connector\"  style=\"border-right-width: 1px;border-right-style: dashed;border-color: #333333;\"><\/div><\/li><li class=\"icon_list_item\" style=\" font-size:72px;\"><div class=\"icon_list_icon\" data-animation=\"fadeInLeft\" data-animation-delay=\"03\" style=\"font-size:24px;border-width:1px;border-style:none;background:#ffffff;color:#541aad;border-color:#333333;\"><i class=\"Defaults-angle-double-right\" ><\/i><\/div><div class=\"icon_description\" id=\"Info-list-wrap-3741\" style=\"font-size:24px;\"><h3 class=\"ult-responsive info-list-heading\"  data-ultimate-target='#Info-list-wrap-3741 h3'  data-responsive-json-new='{\"font-size\":\"desktop:16px;\",\"line-height\":\"desktop:24px;\"}'  style=\"\">Rejuvenecimiento con Dermapen:<\/h3><div class=\"icon_description_text ult-responsive\"  data-ultimate-target='#Info-list-wrap-3741 .icon_description_text'  data-responsive-json-new='{\"font-size\":\"desktop:13px;\",\"line-height\":\"desktop:18px;\"}'  style=\"\"><p>Facial que reactiva y regenera el col\u00e1geno, aumenta la elasticidad, corrige arrugas, mejora cicatrices y poros, repara la piel al crear nuevas prote\u00ednas.<\/p>\n<p><a href=\"https:\/\/www.instagram.com\/reel\/CkRtlndO3rI\/\" target=\"_blank\" rel=\"noopener\">\ud83c\udf80<em><strong> Ver video<\/strong> <\/em>\ud83c\udf80<\/a><\/p>\n<\/div><\/div><div class=\"icon_list_connector\"  style=\"border-right-width: 1px;border-right-style: dashed;border-color: #333333;\"><\/div><\/li><li class=\"icon_list_item\" style=\" font-size:72px;\"><div class=\"icon_list_icon\" data-animation=\"\" data-animation-delay=\"03\" style=\"font-size:24px;border-width:1px;border-style:none;background:#ffffff;color:#541aad;border-color:#333333;\"><i class=\"Defaults-angle-double-right\" ><\/i><\/div><div class=\"icon_description\" id=\"Info-list-wrap-1519\" style=\"font-size:24px;\"><h3 class=\"ult-responsive info-list-heading\"  data-ultimate-target='#Info-list-wrap-1519 h3'  data-responsive-json-new='{\"font-size\":\"desktop:16px;\",\"line-height\":\"desktop:24px;\"}'  style=\"\">Natural Radiance System: <\/h3><div class=\"icon_description_text ult-responsive\"  data-ultimate-target='#Info-list-wrap-1519 .icon_description_text'  data-responsive-json-new='{\"font-size\":\"desktop:13px;\",\"line-height\":\"desktop:18px;\"}'  style=\"\"><p>Facial que revitaliza la piel y deja un glow inmediato. Unifica el tono y previene nuevas manchas. Es ideal para todos los tipos de pieles inclusive las m\u00e1s sensibles.<\/p>\n<p>Abarca rostro, cuello y escote.<\/p>\n<p><a href=\"https:\/\/www.instagram.com\/reel\/ChdnVO-FBye\/\" target=\"_blank\" rel=\"noopener\"><em><strong>\ud83d\udc8e Ver video \ud83d\udc8e<\/strong><\/em><\/a><\/p>\n<\/div><\/div><div class=\"icon_list_connector\"  style=\"border-right-width: 1px;border-right-style: dashed;border-color: #333333;\"><\/div><\/li><li class=\"icon_list_item\" style=\" font-size:72px;\"><div class=\"icon_list_icon\" data-animation=\"\" data-animation-delay=\"03\" style=\"font-size:24px;border-width:1px;border-style:none;background:#ffffff;color:#541aad;border-color:#333333;\"><i class=\"Defaults-angle-double-right\" ><\/i><\/div><div class=\"icon_description\" id=\"Info-list-wrap-8061\" style=\"font-size:24px;\"><h3 class=\"ult-responsive info-list-heading\"  data-ultimate-target='#Info-list-wrap-8061 h3'  data-responsive-json-new='{\"font-size\":\"desktop:16px;\",\"line-height\":\"desktop:24px;\"}'  style=\"\">Ritual Amor Propio: <\/h3><div class=\"icon_description_text ult-responsive\"  data-ultimate-target='#Info-list-wrap-8061 .icon_description_text'  data-responsive-json-new='{\"font-size\":\"desktop:13px;\",\"line-height\":\"desktop:18px;\"}'  style=\"\"><p>Un verdadero ritual de juventud para la piel. Limpia y revitaliza. Suaviza arrugas y disminuye la ligera flacidez. Regenera el col\u00e1geno y las c\u00e9lulas madre.<\/p>\n<p><a href=\"https:\/\/www.instagram.com\/reel\/Ctc6nu1uerA\/\" target=\"_blank\" rel=\"noopener\"><em><strong>\ud83c\udf38 Ver video \ud83c\udf38<\/strong><\/em><\/a><\/p>\n<\/div><\/div><div class=\"icon_list_connector\"  style=\"border-right-width: 1px;border-right-style: dashed;border-color: #333333;\"><\/div><\/li><li class=\"icon_list_item\" style=\" font-size:72px;\"><div class=\"icon_list_icon\" data-animation=\"\" data-animation-delay=\"03\" style=\"font-size:24px;border-width:1px;border-style:none;background:#ffffff;color:#541aad;border-color:#333333;\"><i class=\"Defaults-angle-double-right\" ><\/i><\/div><div class=\"icon_description\" id=\"Info-list-wrap-1533\" style=\"font-size:24px;\"><h3 class=\"ult-responsive info-list-heading\"  data-ultimate-target='#Info-list-wrap-1533 h3'  data-responsive-json-new='{\"font-size\":\"desktop:16px;\",\"line-height\":\"desktop:24px;\"}'  style=\"\">Global Lifting: <\/h3><div class=\"icon_description_text ult-responsive\"  data-ultimate-target='#Info-list-wrap-1533 .icon_description_text'  data-responsive-json-new='{\"font-size\":\"desktop:13px;\",\"line-height\":\"desktop:18px;\"}'  style=\"\"><p>Facial integral que limpia, renueva, reafirma, nutre y rejuvenece en una sesi\u00f3n. Remodela el contorno facial, regenera el col\u00e1geno y elastina, desinflama y levanta los p\u00e1rpados, disminuye arrugas y l\u00edneas de expresi\u00f3n, controla el descolgamiento de la papada y del tercio inferior de la cara, retrasa el envejecimiento prematuro.<\/p>\n<p>Abarca contorno de ojos, cara, papada y cuello.<\/p>\n<p><a href=\"https:\/\/www.instagram.com\/reel\/ClAR07VvboE\/\" target=\"_blank\" rel=\"noopener\"><em><strong>\ud83d\udd2e Ver video \ud83d\udd2e<\/strong><\/em><\/a><\/p>\n<\/div><\/div><div class=\"icon_list_connector\"  style=\"border-right-width: 1px;border-right-style: dashed;border-color: #333333;\"><\/div><\/li><li class=\"icon_list_item\" style=\" font-size:72px;\"><div class=\"icon_list_icon\" data-animation=\"\" data-animation-delay=\"03\" style=\"font-size:24px;border-width:1px;border-style:none;background:#ffffff;color:#541aad;border-color:#333333;\"><i class=\"Defaults-angle-double-right\" ><\/i><\/div><div class=\"icon_description\" id=\"Info-list-wrap-7449\" style=\"font-size:24px;\"><h3 class=\"ult-responsive info-list-heading\"  data-ultimate-target='#Info-list-wrap-7449 h3'  data-responsive-json-new='{\"font-size\":\"desktop:16px;\",\"line-height\":\"desktop:24px;\"}'  style=\"\">Global Lifting + 2 Sesiones potenciadoras de col\u00e1geno: <\/h3><div class=\"icon_description_text ult-responsive\"  data-ultimate-target='#Info-list-wrap-7449 .icon_description_text'  data-responsive-json-new='{\"font-size\":\"desktop:13px;\",\"line-height\":\"desktop:18px;\"}'  style=\"\"><p>Tratamiento de 3 sesiones con efecto tensor.\u00a0 Usamos las tecnolog\u00edas y activos que reafirman las fibras de col\u00e1geno existentes, y que, adem\u00e1s, producen nuevo col\u00e1geno de mejor calidad y mayor cantidad.<\/p>\n<p>Ideal para personas que se notan el rostro ca\u00eddo, surcos marcados, mirada cansada y en general un envejecimiento acelerado.<\/p>\n<p><a href=\"https:\/\/www.instagram.com\/reel\/CrR9ATGMocI\/\" target=\"_blank\" rel=\"noopener\"><em><strong>\ud83d\udc51 Ver video \ud83d\udc51<\/strong><\/em><\/a><\/p>\n<\/div><\/div><div class=\"icon_list_connector\"  style=\"border-right-width: 1px;border-right-style: dashed;border-color: #333333;\"><\/div><\/li><\/ul><\/div>[\/vc_column][vc_column width=\u00bb1\/4&#8243;]<div class=\"pricing-box  pricing-box-table\"><div class=\"plan-header\"><\/div><div class=\"plan-footer\"><a href=\"https:\/\/api.whatsapp.com\/send?phone=593987153753&#038;text=Hola%20Lindeza%20Spa%2C%20deseo%20reservar%20una%20cita\" class=\"button button_theme \"  title=\"Reserva tu cita\"><span class=\"button_label\">Reserva tu cita<\/span><\/a><\/div><\/div>\n[\/vc_column][\/vc_row][vc_row][vc_column][vc_separator][\/vc_column][\/vc_row][vc_row css=\u00bb.vc_custom_1471563553936{margin-right: 40px !important;margin-left: 40px !important;}\u00bb][vc_column width=\u00bb1\/4&#8243;][vc_single_image image=\u00bb11947&#8243; img_size=\u00bbmedium\u00bb][\/vc_column][vc_column width=\u00bb2\/4&#8243;][vc_custom_heading text=\u00bbControl de acn\u00e9\u00bb font_container=\u00bbtag:h1|text_align:left|color:%23542c73&#8243; google_fonts=\u00bbfont_family:Raleway%3A100%2C200%2C300%2Cregular%2C500%2C600%2C700%2C800%2C900|font_style:500%20bold%20regular%3A500%3Anormal\u00bb][vc_separator color=\u00bbviolet\u00bb align=\u00bbalign_left\u00bb border_width=\u00bb3&#8243; el_width=\u00bb30&#8243;][vc_column_text]Tratamiento que evita las infecciones provenientes de la bacteria del acn\u00e9, regula la secreci\u00f3n seb\u00e1cea, elimina puntos negros y p\u00fastulas, as\u00ed mismo, previene la aparici\u00f3n de nuevos brotes.<\/p>\n<p>Recomendamos cumplir con 4 sesiones que se realizan una vez a la semana, adem\u00e1s de un mantenimiento en casa con productos sebo reguladores.<\/p>\n<p>Despu\u00e9s del tratamiento deber\u00e1 realizarse una sesi\u00f3n al mes como mantenimiento.<\/p>\n<p><a href=\"https:\/\/www.instagram.com\/reel\/Cwq73RWsaJm\/\" target=\"_blank\" rel=\"noopener\"><strong><em>\ud83e\uddca Ver video \ud83e\uddca<\/em><\/strong><\/a>[\/vc_column_text][\/vc_column][vc_column width=\u00bb1\/4&#8243;]<div class=\"pricing-box  pricing-box-table\"><div class=\"plan-header\"><\/div><div class=\"plan-footer\"><a href=\"http:\/\/www.lindezaspa.com\/de\/reservas\/\" class=\"button button_theme \"  title=\"Reserva tu cita\"><span class=\"button_label\">Reserva tu cita<\/span><\/a><\/div><\/div>\n[\/vc_column][\/vc_row][vc_row][vc_column][vc_separator][\/vc_column][\/vc_row][vc_row css=\u00bb.vc_custom_1471563553936{margin-right: 40px !important;margin-left: 40px !important;}\u00bb][vc_column width=\u00bb1\/4&#8243;][vc_single_image image=\u00bb11952&#8243; img_size=\u00bbmedium\u00bb][\/vc_column][vc_column width=\u00bb2\/4&#8243;][vc_custom_heading text=\u00bbTratamientos espec\u00edficos\u00bb font_container=\u00bbtag:h1|text_align:left|color:%23542c73&#8243; google_fonts=\u00bbfont_family:Raleway%3A100%2C200%2C300%2Cregular%2C500%2C600%2C700%2C800%2C900|font_style:500%20bold%20regular%3A500%3Anormal\u00bb][vc_separator color=\u00bbviolet\u00bb align=\u00bbalign_left\u00bb border_width=\u00bb3&#8243; el_width=\u00bb30&#8243;]<div class=\"smile_icon_list_wrap ult_info_list_container ult-adjust-bottom-margin  \"><ul class=\"smile_icon_list left square with_bg\"><li class=\"icon_list_item\" style=\" font-size:72px;\"><div class=\"icon_list_icon\" data-animation=\"fadeInLeft\" data-animation-delay=\"03\" style=\"font-size:24px;border-width:1px;border-style:none;background:#ffffff;color:#541aad;border-color:#333333;\"><i class=\"Defaults-angle-double-right\" ><\/i><\/div><div class=\"icon_description\" id=\"Info-list-wrap-1234\" style=\"font-size:24px;\"><h3 class=\"ult-responsive info-list-heading\"  data-ultimate-target='#Info-list-wrap-1234 h3'  data-responsive-json-new='{\"font-size\":\"desktop:16px;\",\"line-height\":\"desktop:24px;\"}'  style=\"\">Goodbye Papada:<\/h3><div class=\"icon_description_text ult-responsive\"  data-ultimate-target='#Info-list-wrap-1234 .icon_description_text'  data-responsive-json-new='{\"font-size\":\"desktop:13px;\",\"line-height\":\"desktop:18px;\"}'  style=\"\"><p>Combate la grasa localizada de la zona de la papada, remodela y rejuvenece, levanta la piel de la mand\u00edbula y subment\u00f3n, define el contorno y ataca la flacidez del tercio inferior del rostro, papada y cuello.<\/p>\n<p><a href=\"https:\/\/www.instagram.com\/reel\/C2yRCevLA63\/\" target=\"_blank\" rel=\"noopener\"><em><strong>\ud83c\udf49 Ver video \ud83c\udf49<\/strong><\/em><\/a><\/p>\n<\/div><\/div><div class=\"icon_list_connector\"  style=\"border-right-width: 1px;border-right-style: dashed;border-color: #333333;\"><\/div><\/li><li class=\"icon_list_item\" style=\" font-size:72px;\"><div class=\"icon_list_icon\" data-animation=\"fadeInLeft\" data-animation-delay=\"03\" style=\"font-size:24px;border-width:1px;border-style:none;background:#ffffff;color:#541aad;border-color:#333333;\"><i class=\"Defaults-angle-double-right\" ><\/i><\/div><div class=\"icon_description\" id=\"Info-list-wrap-5291\" style=\"font-size:24px;\"><h3 class=\"ult-responsive info-list-heading\"  data-ultimate-target='#Info-list-wrap-5291 h3'  data-responsive-json-new='{\"font-size\":\"desktop:16px;\",\"line-height\":\"desktop:24px;\"}'  style=\"\">Stop Manchas:<\/h3><div class=\"icon_description_text ult-responsive\"  data-ultimate-target='#Info-list-wrap-5291 .icon_description_text'  data-responsive-json-new='{\"font-size\":\"desktop:13px;\",\"line-height\":\"desktop:18px;\"}'  style=\"\"><p>Tratamiento despigmentante para pieles con manchas, tales como pieles con melasma o fotoenvejecimiento, unifica el tono y mejora las texturas. Disminuye manchas y evita nuevas apariciones.\u00a0 Efecto rejuvenecedor e hidratante.<\/p>\n<p><a href=\"https:\/\/www.instagram.com\/reel\/CiTYlevtZNi\/\" target=\"_blank\" rel=\"noopener\"><em><strong>\ud83e\udde1 Ver video \ud83e\udde1<\/strong><\/em><\/a><\/p>\n<\/div><\/div><div class=\"icon_list_connector\"  style=\"border-right-width: 1px;border-right-style: dashed;border-color: #333333;\"><\/div><\/li><li class=\"icon_list_item\" style=\" font-size:72px;\"><div class=\"icon_list_icon\" data-animation=\"\" data-animation-delay=\"03\" style=\"font-size:24px;border-width:1px;border-style:none;background:#ffffff;color:#541aad;border-color:#333333;\"><i class=\"Defaults-angle-double-right\" ><\/i><\/div><div class=\"icon_description\" id=\"Info-list-wrap-7133\" style=\"font-size:24px;\"><h3 class=\"ult-responsive info-list-heading\"  data-ultimate-target='#Info-list-wrap-7133 h3'  data-responsive-json-new='{\"font-size\":\"desktop:16px;\",\"line-height\":\"desktop:24px;\"}'  style=\"\">Refresh de mirada:<\/h3><div class=\"icon_description_text ult-responsive\"  data-ultimate-target='#Info-list-wrap-7133 .icon_description_text'  data-responsive-json-new='{\"font-size\":\"desktop:13px;\",\"line-height\":\"desktop:18px;\"}'  style=\"\"><p>Programa de 3 sesiones que combate los principales signos de envejecimiento del contorno de ojos: ojeras, bolsas o hinchaz\u00f3n y arrugas.<\/p>\n<p>Despigmenta las ojeras, reduce las arrugas o patas de gallo, levanta los p\u00e1rpados ca\u00eddos y drena la hinchaz\u00f3n.<\/p>\n<p><em><strong><a href=\"https:\/\/www.instagram.com\/reel\/C2LgAANLK01\/\" target=\"_blank\" rel=\"noopener\">\ud83d\ude0e Ver video \ud83d\ude0e<\/a><\/strong><\/em><\/p>\n<\/div><\/div><div class=\"icon_list_connector\"  style=\"border-right-width: 1px;border-right-style: dashed;border-color: #333333;\"><\/div><\/li><li class=\"icon_list_item\" style=\" font-size:72px;\"><div class=\"icon_list_icon\" data-animation=\"\" data-animation-delay=\"03\" style=\"font-size:24px;border-width:1px;border-style:none;background:#ffffff;color:#541aad;border-color:#333333;\"><i class=\"Defaults-angle-double-right\" ><\/i><\/div><div class=\"icon_description\" id=\"Info-list-wrap-3420\" style=\"font-size:24px;\"><h3 class=\"ult-responsive info-list-heading\"  data-ultimate-target='#Info-list-wrap-3420 h3'  data-responsive-json-new='{\"font-size\":\"desktop:16px;\",\"line-height\":\"desktop:24px;\"}'  style=\"\">Rejuvenecimiento de cuello y escote:<\/h3><div class=\"icon_description_text ult-responsive\"  data-ultimate-target='#Info-list-wrap-3420 .icon_description_text'  data-responsive-json-new='{\"font-size\":\"desktop:13px;\",\"line-height\":\"desktop:18px;\"}'  style=\"\"><p>Tratamiento que alisa la piel rugosa y envejecida por el paso del tiempo, exposici\u00f3n solar o malas posturas. Unifica el tono, aclara manchas y previene flacidez y arrugas.<\/p>\n<p><a href=\"https:\/\/www.instagram.com\/reel\/Ct-NznGvJoc\/\" target=\"_blank\" rel=\"noopener\"><em><strong>\ud83e\uddf8 Ver video \ud83e\uddf8<\/strong><\/em><\/a><\/p>\n<\/div><\/div><div class=\"icon_list_connector\"  style=\"border-right-width: 1px;border-right-style: dashed;border-color: #333333;\"><\/div><\/li><li class=\"icon_list_item\" style=\" font-size:72px;\"><div class=\"icon_list_icon\" data-animation=\"\" data-animation-delay=\"03\" style=\"font-size:24px;border-width:1px;border-style:none;background:#ffffff;color:#541aad;border-color:#333333;\"><i class=\"Defaults-angle-double-right\" ><\/i><\/div><div class=\"icon_description\" id=\"Info-list-wrap-8909\" style=\"font-size:24px;\"><h3 class=\"ult-responsive info-list-heading\"  data-ultimate-target='#Info-list-wrap-8909 h3'  data-responsive-json-new='{\"font-size\":\"desktop:16px;\",\"line-height\":\"desktop:24px;\"}'  style=\"\">Cuidado intensivo para ojos y labios: <\/h3><div class=\"icon_description_text ult-responsive\"  data-ultimate-target='#Info-list-wrap-8909 .icon_description_text'  data-responsive-json-new='{\"font-size\":\"desktop:13px;\",\"line-height\":\"desktop:18px;\"}'  style=\"\"><p>Suaviza l\u00edneas, regenera la piel de los p\u00e1rpados y labios. Desinflama bolsas y ojeras, alisa los labios resecos y partidos.<\/p>\n<p><a href=\"https:\/\/www.instagram.com\/reel\/CwoRdMOsMTH\/\" target=\"_blank\" rel=\"noopener\"><em><strong>\ud83e\udd17 Ver video \ud83e\udd17<\/strong><\/em><\/a><\/p>\n<\/div><\/div><div class=\"icon_list_connector\"  style=\"border-right-width: 1px;border-right-style: dashed;border-color: #333333;\"><\/div><\/li><\/ul><\/div>[\/vc_column][vc_column width=\u00bb1\/4&#8243;]<div class=\"pricing-box  pricing-box-table\"><div class=\"plan-header\"><\/div><div class=\"plan-footer\"><a href=\"https:\/\/api.whatsapp.com\/send?phone=593987153753&#038;text=Hola%20Lindeza%20Spa%2C%20deseo%20reservar%20una%20cita\" class=\"button button_theme \"  title=\"Reserva tu cita\"><span class=\"button_label\">Reserva tu cita<\/span><\/a><\/div><\/div>\n[\/vc_column][\/vc_row][vc_row][vc_column][vc_separator][\/vc_column][\/vc_row][vc_row css=\u00bb.vc_custom_1471563553936{margin-right: 40px !important;margin-left: 40px !important;}\u00bb][vc_column width=\u00bb1\/4&#8243;][vc_single_image image=\u00bb11954&#8243; img_size=\u00bbmedium\u00bb][\/vc_column][vc_column width=\u00bb2\/4&#8243;][vc_custom_heading text=\u00bbTratamientos Esenciales seg\u00fan la edad\u00bb font_container=\u00bbtag:h1|text_align:left|color:%23542c73&#8243; google_fonts=\u00bbfont_family:Raleway%3A100%2C200%2C300%2Cregular%2C500%2C600%2C700%2C800%2C900|font_style:500%20bold%20regular%3A500%3Anormal\u00bb][vc_separator color=\u00bbviolet\u00bb align=\u00bbalign_left\u00bb border_width=\u00bb3&#8243; el_width=\u00bb30&#8243;]<div class=\"smile_icon_list_wrap ult_info_list_container ult-adjust-bottom-margin  \"><ul class=\"smile_icon_list left square with_bg\"><li class=\"icon_list_item\" style=\" font-size:72px;\"><div class=\"icon_list_icon\" data-animation=\"fadeInLeft\" data-animation-delay=\"03\" style=\"font-size:24px;border-width:1px;border-style:none;background:#ffffff;color:#541aad;border-color:#333333;\"><i class=\"Defaults-angle-double-right\" ><\/i><\/div><div class=\"icon_description\" id=\"Info-list-wrap-5725\" style=\"font-size:24px;\"><h3 class=\"ult-responsive info-list-heading\"  data-ultimate-target='#Info-list-wrap-5725 h3'  data-responsive-json-new='{\"font-size\":\"desktop:16px;\",\"line-height\":\"desktop:24px;\"}'  style=\"\">Fresh Beauty 30+:<\/h3><div class=\"icon_description_text ult-responsive\"  data-ultimate-target='#Info-list-wrap-5725 .icon_description_text'  data-responsive-json-new='{\"font-size\":\"desktop:13px;\",\"line-height\":\"desktop:18px;\"}'  style=\"\"><p>Tratamiento de 3 sesiones indicado para mejorar las alteraciones de las pieles de 30 a 39 a\u00f1os.<\/p>\n<p>Estimula la renovaci\u00f3n, mantiene la hidrataci\u00f3n y disminuye las l\u00edneas de expresi\u00f3n.<\/p>\n<p>Adem\u00e1s, reduce las ojeras e hinchaz\u00f3n, unifica el tono de la piel y logra un efecto de cara descansada.<\/p>\n<p><a href=\"https:\/\/www.instagram.com\/reel\/C5SAe-zrzi1\/\" target=\"_blank\" rel=\"noopener\"><em><strong>\ud83c\udf37 Ver video \ud83c\udf37<\/strong><\/em><\/a><\/p>\n<\/div><\/div><div class=\"icon_list_connector\"  style=\"border-right-width: 1px;border-right-style: dashed;border-color: #333333;\"><\/div><\/li><li class=\"icon_list_item\" style=\" font-size:72px;\"><div class=\"icon_list_icon\" data-animation=\"fadeInLeft\" data-animation-delay=\"03\" style=\"font-size:24px;border-width:1px;border-style:none;background:#ffffff;color:#541aad;border-color:#333333;\"><i class=\"Defaults-angle-double-right\" ><\/i><\/div><div class=\"icon_description\" id=\"Info-list-wrap-3106\" style=\"font-size:24px;\"><h3 class=\"ult-responsive info-list-heading\"  data-ultimate-target='#Info-list-wrap-3106 h3'  data-responsive-json-new='{\"font-size\":\"desktop:16px;\",\"line-height\":\"desktop:24px;\"}'  style=\"\">Beauty Boost 40+:<\/h3><div class=\"icon_description_text ult-responsive\"  data-ultimate-target='#Info-list-wrap-3106 .icon_description_text'  data-responsive-json-new='{\"font-size\":\"desktop:13px;\",\"line-height\":\"desktop:18px;\"}'  style=\"\"><p>Tratamiento de 3 sesiones que combate los signos de la edad en las pieles de 40 a 49 a\u00f1os.<\/p>\n<p>Ideal para controlar la flacidez inicial, recupera la luminosidad, realiza un efecto tensor, alisa l\u00edneas de expresi\u00f3n y previene la formaci\u00f3n de arrugas.<\/p>\n<p><em><strong><a href=\"https:\/\/www.instagram.com\/reel\/C5j0MfNLQE5\/\" target=\"_blank\" rel=\"noopener\">\ud83c\udf47 Ver video \ud83c\udf47<\/a><\/strong><\/em><\/p>\n<\/div><\/div><div class=\"icon_list_connector\"  style=\"border-right-width: 1px;border-right-style: dashed;border-color: #333333;\"><\/div><\/li><li class=\"icon_list_item\" style=\" font-size:72px;\"><div class=\"icon_list_icon\" data-animation=\"\" data-animation-delay=\"03\" style=\"font-size:24px;border-width:1px;border-style:none;background:#ffffff;color:#541aad;border-color:#333333;\"><i class=\"Defaults-angle-double-right\" ><\/i><\/div><div class=\"icon_description\" id=\"Info-list-wrap-8870\" style=\"font-size:24px;\"><h3 class=\"ult-responsive info-list-heading\"  data-ultimate-target='#Info-list-wrap-8870 h3'  data-responsive-json-new='{\"font-size\":\"desktop:16px;\",\"line-height\":\"desktop:24px;\"}'  style=\"\">Infinity Beauty 50+:<\/h3><div class=\"icon_description_text ult-responsive\"  data-ultimate-target='#Info-list-wrap-8870 .icon_description_text'  data-responsive-json-new='{\"font-size\":\"desktop:13px;\",\"line-height\":\"desktop:18px;\"}'  style=\"\"><p>Tratamiento de 3 sesiones, ideal para las pieles maduras de 50 a\u00f1os en adelante.<\/p>\n<p>Crea nuevo col\u00e1geno de mayor calidad y cantidad, combate la flacidez cut\u00e1nea y muscular.<\/p>\n<p>Minimiza arrugas profundas, remodela, reafirma y revitaliza.<\/p>\n<\/div><\/div><div class=\"icon_list_connector\"  style=\"border-right-width: 1px;border-right-style: dashed;border-color: #333333;\"><\/div><\/li><\/ul><\/div>[\/vc_column][vc_column width=\u00bb1\/4&#8243;]<div class=\"pricing-box  pricing-box-table\"><div class=\"plan-header\"><\/div><div class=\"plan-footer\"><a href=\"https:\/\/api.whatsapp.com\/send?phone=593987153753&#038;text=Hola%20Lindeza%20Spa%2C%20deseo%20reservar%20una%20cita\" class=\"button button_theme \"  title=\"Reserva tu cita\"><span class=\"button_label\">Reserva tu cita<\/span><\/a><\/div><\/div>\n[\/vc_column][\/vc_row]<\/p>\n<\/div>","protected":false},"excerpt":{"rendered":"<p>[vc_row full_width=\u00bbstretch_row_content\u00bb content_placement=\u00bbmiddle\u00bb bg_type=\u00bbimage\u00bb parallax_style=\u00bbvcpb-default\u00bb bg_image_new=\u00bbid^2374|url^http:\/\/www.lindezaspa.com\/de\/wp-content\/uploads\/2016\/08\/facial2-1.jpg|caption^null|alt^null|title^facial2|description^null\u00bb bg_image_repeat=\u00bbno-repeat\u00bb css=\u00bb.vc_custom_1712679107672{background-color: #eaeaea !important;}\u00bb][vc_column width=\u00bb5\/6&#8243;][vc_row_inner css=\u00bb.vc_custom_1470594511104{margin-right: 10px !important;margin-left: 20px !important;}\u00bb][vc_column_inner width=\u00bb2\/3&#8243;][vc_empty_space height=\u00bb80px\u00bb][vc_custom_heading text=\u00bbEst\u00e9tica Facial y Rejuvenecimiento\u00bb font_container=\u00bbtag:h1|font_size:50px%20|text_align:center|color:%230a0a0a|line_height:50px\u00bb google_fonts=\u00bbfont_family:Raleway%3A100%2C200%2C300%2Cregular%2C500%2C600%2C700%2C800%2C900|font_style:500%20bold%20regular%3A500%3Anormal\u00bb el_class=\u00bbtitular-servicios\u00bb][vc_empty_space height=\u00bb90px\u00bb][\/vc_column_inner][vc_column_inner<span class=\"excerpt-hellip\"> [\u2026]<\/span><\/p>\n","protected":false},"author":1,"featured_media":-1,"parent":0,"menu_order":0,"comment_status":"closed","ping_status":"closed","template":"","meta":{"_exactmetrics_skip_tracking":false,"_exactmetrics_sitenote_active":false,"_exactmetrics_sitenote_note":"","_exactmetrics_sitenote_category":0,"footnotes":""},"class_list":["post-2138","page","type-page","status-publish","has-post-thumbnail","hentry"],"_links":{"self":[{"href":"https:\/\/www.lindezaspa.com\/de\/wp-json\/wp\/v2\/pages\/2138","targetHints":{"allow":["GET"]}}],"collection":[{"href":"https:\/\/www.lindezaspa.com\/de\/wp-json\/wp\/v2\/pages"}],"about":[{"href":"https:\/\/www.lindezaspa.com\/de\/wp-json\/wp\/v2\/types\/page"}],"author":[{"embeddable":true,"href":"https:\/\/www.lindezaspa.com\/de\/wp-json\/wp\/v2\/users\/1"}],"replies":[{"embeddable":true,"href":"https:\/\/www.lindezaspa.com\/de\/wp-json\/wp\/v2\/comments?post=2138"}],"version-history":[{"count":96,"href":"https:\/\/www.lindezaspa.com\/de\/wp-json\/wp\/v2\/pages\/2138\/revisions"}],"predecessor-version":[{"id":2141,"href":"https:\/\/www.lindezaspa.com\/de\/wp-json\/wp\/v2\/pages\/2138\/revisions\/2141"}],"wp:featuredmedia":[{"embeddable":true,"href":"https:\/\/www.lindezaspa.com\/de\/wp-json\/"}],"wp:attachment":[{"href":"https:\/\/www.lindezaspa.com\/de\/wp-json\/wp\/v2\/media?parent=2138"}],"curies":[{"name":"wp","href":"https:\/\/api.w.org\/{rel}","templated":true}]}}